{"id":3312,"date":"2023-11-21T14:27:07","date_gmt":"2023-11-21T13:27:07","guid":{"rendered":"https:\/\/dev-durable.agglo-larochelle.fr\/2023\/?page_id=3312"},"modified":"2023-11-21T14:31:21","modified_gmt":"2023-11-21T13:31:21","slug":"une-exposition-doeuvres-a-toucher-a-rencontre-son-public-a-la-mediatheque-michel-crepeau","status":"publish","type":"page","link":"https:\/\/dev-durable.agglo-larochelle.fr\/2023\/un-territoire-solidaire\/culture\/une-exposition-doeuvres-a-toucher-a-rencontre-son-public-a-la-mediatheque-michel-crepeau\/","title":{"rendered":"Une exposition d\u2019\u0153uvres \u00e0 toucher a rencontr\u00e9 son public \u00e0 la m\u00e9diath\u00e8que Michel-Cr\u00e9peau"},"content":{"rendered":"\n<p><strong>Une exposition itin\u00e9rante d\u2019\u0153uvres d\u2019art mises en relief et accessibles par le toucher aux personnes d\u00e9ficientes visuelles, mais aussi \u00e0 tous les publics curieux de vivre l\u2019exp\u00e9rience, a \u00e9t\u00e9 accueillie \u00e0 la m\u00e9diath\u00e8que Michel-Cr\u00e9peau et a rencontr\u00e9 un franc succ\u00e8s.<\/strong><\/p>\n<p>L\u2019exposition a \u00e9t\u00e9 propos\u00e9e \u00e0 la m\u00e9diath\u00e8que du 3 f\u00e9vrier au 2 mars 2023, en partenariat avec l\u2019Association Valentin Hauy (AVH) 17. La fr\u00e9quentation a \u00e9t\u00e9 tr\u00e8s bonne avec environ 400 personnes accueillies en visite libre aux horaires d\u2019ouverture de la m\u00e9diath\u00e8que. Les m\u00e9diations mises en place autour de l\u2019exposition ont \u00e9galement rencontr\u00e9 un franc succ\u00e8s avec 100 participants. La r\u00e9alisation des audio-guides par les biblioth\u00e9caires et l\u2019AVH 17 a \u00e9t\u00e9 tr\u00e8s utile et les fichiers audio ont \u00e9t\u00e9 envoy\u00e9s au si\u00e8ge national de l\u2019AVH afin d\u2019\u00eatre utilis\u00e9s dans les autres lieux d\u2019accueil de l\u2019exposition. L\u2019exp\u00e9rience pourrait \u00eatre renouvel\u00e9e avec une autre exposition tactile sur le th\u00e8me des Jeux Olympiques.<\/p>\n","protected":false},"excerpt":{"rendered":"<p>Une exposition itin\u00e9rante d\u2019\u0153uvres d\u2019art mises en relief et accessibles par le toucher aux personnes d\u00e9ficientes visuelles, mais aussi \u00e0 tous les publics curieux de vivre l\u2019exp\u00e9rience, a \u00e9t\u00e9 accueillie \u00e0 la m\u00e9diath\u00e8que Michel-Cr\u00e9peau et a rencontr\u00e9 un franc succ\u00e8s. L\u2019exposition a \u00e9t\u00e9 propos\u00e9e \u00e0 la m\u00e9diath\u00e8que du 3 f\u00e9vrier au 2 mars 2023, en [&hellip;]<\/p>\n","protected":false},"author":1,"featured_media":3674,"parent":334,"menu_order":4,"comment_status":"closed","ping_status":"closed","template":"page-sous-partie.php","meta":{"inline_featured_image":false,"footnotes":""},"categories":[],"tags":[17,44],"acf":[],"_links":{"self":[{"href":"https:\/\/dev-durable.agglo-larochelle.fr\/2023\/wp-json\/wp\/v2\/pages\/3312"}],"collection":[{"href":"https:\/\/dev-durable.agglo-larochelle.fr\/2023\/wp-json\/wp\/v2\/pages"}],"about":[{"href":"https:\/\/dev-durable.agglo-larochelle.fr\/2023\/wp-json\/wp\/v2\/types\/page"}],"author":[{"embeddable":true,"href":"https:\/\/dev-durable.agglo-larochelle.fr\/2023\/wp-json\/wp\/v2\/users\/1"}],"replies":[{"embeddable":true,"href":"https:\/\/dev-durable.agglo-larochelle.fr\/2023\/wp-json\/wp\/v2\/comments?post=3312"}],"version-history":[{"count":1,"href":"https:\/\/dev-durable.agglo-larochelle.fr\/2023\/wp-json\/wp\/v2\/pages\/3312\/revisions"}],"predecessor-version":[{"id":3313,"href":"https:\/\/dev-durable.agglo-larochelle.fr\/2023\/wp-json\/wp\/v2\/pages\/3312\/revisions\/3313"}],"up":[{"embeddable":true,"href":"https:\/\/dev-durable.agglo-larochelle.fr\/2023\/wp-json\/wp\/v2\/pages\/334"}],"wp:featuredmedia":[{"embeddable":true,"href":"https:\/\/dev-durable.agglo-larochelle.fr\/2023\/wp-json\/wp\/v2\/media\/3674"}],"wp:attachment":[{"href":"https:\/\/dev-durable.agglo-larochelle.fr\/2023\/wp-json\/wp\/v2\/media?parent=3312"}],"wp:term":[{"taxonomy":"category","embeddable":true,"href":"https:\/\/dev-durable.agglo-larochelle.fr\/2023\/wp-json\/wp\/v2\/categories?post=3312"},{"taxonomy":"post_tag","embeddable":true,"href":"https:\/\/dev-durable.agglo-larochelle.fr\/2023\/wp-json\/wp\/v2\/tags?post=3312"}],"curies":[{"name":"wp","href":"https:\/\/api.w.org\/{rel}","templated":true}]}}