{"id":3314,"date":"2023-11-21T14:28:21","date_gmt":"2023-11-21T13:28:21","guid":{"rendered":"https:\/\/dev-durable.agglo-larochelle.fr\/2023\/?page_id=3314"},"modified":"2023-11-21T14:31:21","modified_gmt":"2023-11-21T13:31:21","slug":"le-desherbage-des-collections-de-la-mediatheque-profite-a-leconomie-sociale-et-solidaire","status":"publish","type":"page","link":"https:\/\/dev-durable.agglo-larochelle.fr\/2023\/un-territoire-solidaire\/culture\/le-desherbage-des-collections-de-la-mediatheque-profite-a-leconomie-sociale-et-solidaire\/","title":{"rendered":"Le d\u00e9sherbage des collections de la m\u00e9diath\u00e8que profite \u00e0 l\u2019\u00e9conomie sociale et solidaire"},"content":{"rendered":"\n<p><strong>La m\u00e9diath\u00e8que Michel-Cr\u00e9peau et le m\u00e9diabus ont int\u00e9gr\u00e9 au circuit de sortie des collections (le \u00ab\u00a0d\u00e9sherbage\u00a0\u00bb) un nouveau partenaire, Ammar\u00e9al, librairie d\u2019occasion reconnue Entreprise Solidaire d\u2019Utilit\u00e9 Sociale, qui revend, donne ou recycle les documents non vendables.<\/strong><\/p>\n<p>Le nouveau partenariat avec Ammar\u00e9al permet une meilleure ventilation des documents sortants des collections, entre dons aux biblioth\u00e8ques et associations, et destruction par des fili\u00e8res de valorisation. L\u2019entreprise s\u2019est engag\u00e9e \u00e0 doter l\u2019association \u00ab\u00a0Biblioth\u00e8ques sans fronti\u00e8res\u00a0\u00bb, choisie par la m\u00e9diath\u00e8que Michel-Cr\u00e9peau, \u00e0 hauteur de 7,5 % du produit des ventes des documents d\u00e9sherb\u00e9s, soit plus de 2 000 \u20ac entre octobre 2022 et mars 2023 (environ 3 500 ouvrages vendus).<\/p>\n","protected":false},"excerpt":{"rendered":"<p>La m\u00e9diath\u00e8que Michel-Cr\u00e9peau et le m\u00e9diabus ont int\u00e9gr\u00e9 au circuit de sortie des collections (le \u00ab\u00a0d\u00e9sherbage\u00a0\u00bb) un nouveau partenaire, Ammar\u00e9al, librairie d\u2019occasion reconnue Entreprise Solidaire d\u2019Utilit\u00e9 Sociale, qui revend, donne ou recycle les documents non vendables. Le nouveau partenariat avec Ammar\u00e9al permet une meilleure ventilation des documents sortants des collections, entre dons aux biblioth\u00e8ques et [&hellip;]<\/p>\n","protected":false},"author":1,"featured_media":2921,"parent":334,"menu_order":2,"comment_status":"closed","ping_status":"closed","template":"page-sous-partie.php","meta":{"inline_featured_image":false,"footnotes":""},"categories":[],"tags":[17,18],"acf":[],"_links":{"self":[{"href":"https:\/\/dev-durable.agglo-larochelle.fr\/2023\/wp-json\/wp\/v2\/pages\/3314"}],"collection":[{"href":"https:\/\/dev-durable.agglo-larochelle.fr\/2023\/wp-json\/wp\/v2\/pages"}],"about":[{"href":"https:\/\/dev-durable.agglo-larochelle.fr\/2023\/wp-json\/wp\/v2\/types\/page"}],"author":[{"embeddable":true,"href":"https:\/\/dev-durable.agglo-larochelle.fr\/2023\/wp-json\/wp\/v2\/users\/1"}],"replies":[{"embeddable":true,"href":"https:\/\/dev-durable.agglo-larochelle.fr\/2023\/wp-json\/wp\/v2\/comments?post=3314"}],"version-history":[{"count":2,"href":"https:\/\/dev-durable.agglo-larochelle.fr\/2023\/wp-json\/wp\/v2\/pages\/3314\/revisions"}],"predecessor-version":[{"id":3316,"href":"https:\/\/dev-durable.agglo-larochelle.fr\/2023\/wp-json\/wp\/v2\/pages\/3314\/revisions\/3316"}],"up":[{"embeddable":true,"href":"https:\/\/dev-durable.agglo-larochelle.fr\/2023\/wp-json\/wp\/v2\/pages\/334"}],"wp:featuredmedia":[{"embeddable":true,"href":"https:\/\/dev-durable.agglo-larochelle.fr\/2023\/wp-json\/wp\/v2\/media\/2921"}],"wp:attachment":[{"href":"https:\/\/dev-durable.agglo-larochelle.fr\/2023\/wp-json\/wp\/v2\/media?parent=3314"}],"wp:term":[{"taxonomy":"category","embeddable":true,"href":"https:\/\/dev-durable.agglo-larochelle.fr\/2023\/wp-json\/wp\/v2\/categories?post=3314"},{"taxonomy":"post_tag","embeddable":true,"href":"https:\/\/dev-durable.agglo-larochelle.fr\/2023\/wp-json\/wp\/v2\/tags?post=3314"}],"curies":[{"name":"wp","href":"https:\/\/api.w.org\/{rel}","templated":true}]}}