{"id":3324,"date":"2023-11-21T14:34:28","date_gmt":"2023-11-21T13:34:28","guid":{"rendered":"https:\/\/dev-durable.agglo-larochelle.fr\/2023\/?page_id=3324"},"modified":"2023-11-21T14:34:28","modified_gmt":"2023-11-21T13:34:28","slug":"le-numerique-et-vous-enquete-citoyenne","status":"publish","type":"page","link":"https:\/\/dev-durable.agglo-larochelle.fr\/2023\/un-territoire-solidaire\/numerique\/le-numerique-et-vous-enquete-citoyenne\/","title":{"rendered":"\u00ab\u00a0Le Num\u00e9rique et vous\u00a0\u00bb : enqu\u00eate citoyenne"},"content":{"rendered":"\n<p><strong>L\u2019Agglom\u00e9ration a men\u00e9 une grande enqu\u00eate sur les pratiques num\u00e9riques de ses habitants, afin de mieux conna\u00eetre les niveaux d\u2019\u00e9quipements, les usages, etc. Cet instantan\u00e9 permet de mieux cibler les besoins d\u2019accompagnement et les dispositifs \u00e0 encourager pour un num\u00e9rique vertueux.<\/strong><\/p>\n<p>L\u2019enqu\u00eate \u00ab\u00a0Le Num\u00e9rique et vous\u00a0\u00bb a permis de recueillir les r\u00e9ponses de pr\u00e8s de 1 050 participants, repr\u00e9sentatifs de la population communautaire (\u00e2ge, sexe, activit\u00e9, commune de r\u00e9sidence, etc.) L\u2019enqu\u00eate a port\u00e9 sur le taux et la nature de l\u2019\u00e9quipement num\u00e9rique des habitants, les modalit\u00e9s de connexion \u00e0 Internet, le rapport au num\u00e9rique, les usages, tant professionnels que de loisirs, les besoins d\u2019aide et d\u2019accompagnement. Une typologie g\u00e9ographique (urbain\/p\u00e9riurbain\/rural) a \u00e9galement \u00e9t\u00e9 \u00e9tablie, ainsi que des typologies de profils. Ces r\u00e9sultats constituent un outil suppl\u00e9mentaire d\u2019aide \u00e0 la d\u00e9cision pour faire face aux enjeux du num\u00e9rique\u00a0: isolement, difficult\u00e9s d\u2019acc\u00e8s et d\u2019usage, etc.<\/p>\n","protected":false},"excerpt":{"rendered":"<p>L\u2019Agglom\u00e9ration a men\u00e9 une grande enqu\u00eate sur les pratiques num\u00e9riques de ses habitants, afin de mieux conna\u00eetre les niveaux d\u2019\u00e9quipements, les usages, etc. Cet instantan\u00e9 permet de mieux cibler les besoins d\u2019accompagnement et les dispositifs \u00e0 encourager pour un num\u00e9rique vertueux. L\u2019enqu\u00eate \u00ab\u00a0Le Num\u00e9rique et vous\u00a0\u00bb a permis de recueillir les r\u00e9ponses de pr\u00e8s de [&hellip;]<\/p>\n","protected":false},"author":1,"featured_media":3669,"parent":3319,"menu_order":0,"comment_status":"closed","ping_status":"closed","template":"page-sous-partie.php","meta":{"inline_featured_image":false,"footnotes":""},"categories":[],"tags":[15,20],"acf":[],"_links":{"self":[{"href":"https:\/\/dev-durable.agglo-larochelle.fr\/2023\/wp-json\/wp\/v2\/pages\/3324"}],"collection":[{"href":"https:\/\/dev-durable.agglo-larochelle.fr\/2023\/wp-json\/wp\/v2\/pages"}],"about":[{"href":"https:\/\/dev-durable.agglo-larochelle.fr\/2023\/wp-json\/wp\/v2\/types\/page"}],"author":[{"embeddable":true,"href":"https:\/\/dev-durable.agglo-larochelle.fr\/2023\/wp-json\/wp\/v2\/users\/1"}],"replies":[{"embeddable":true,"href":"https:\/\/dev-durable.agglo-larochelle.fr\/2023\/wp-json\/wp\/v2\/comments?post=3324"}],"version-history":[{"count":2,"href":"https:\/\/dev-durable.agglo-larochelle.fr\/2023\/wp-json\/wp\/v2\/pages\/3324\/revisions"}],"predecessor-version":[{"id":3326,"href":"https:\/\/dev-durable.agglo-larochelle.fr\/2023\/wp-json\/wp\/v2\/pages\/3324\/revisions\/3326"}],"up":[{"embeddable":true,"href":"https:\/\/dev-durable.agglo-larochelle.fr\/2023\/wp-json\/wp\/v2\/pages\/3319"}],"wp:featuredmedia":[{"embeddable":true,"href":"https:\/\/dev-durable.agglo-larochelle.fr\/2023\/wp-json\/wp\/v2\/media\/3669"}],"wp:attachment":[{"href":"https:\/\/dev-durable.agglo-larochelle.fr\/2023\/wp-json\/wp\/v2\/media?parent=3324"}],"wp:term":[{"taxonomy":"category","embeddable":true,"href":"https:\/\/dev-durable.agglo-larochelle.fr\/2023\/wp-json\/wp\/v2\/categories?post=3324"},{"taxonomy":"post_tag","embeddable":true,"href":"https:\/\/dev-durable.agglo-larochelle.fr\/2023\/wp-json\/wp\/v2\/tags?post=3324"}],"curies":[{"name":"wp","href":"https:\/\/api.w.org\/{rel}","templated":true}]}}