{"id":3348,"date":"2023-11-21T15:15:31","date_gmt":"2023-11-21T14:15:31","guid":{"rendered":"https:\/\/dev-durable.agglo-larochelle.fr\/2023\/?page_id=3348"},"modified":"2023-11-21T15:31:27","modified_gmt":"2023-11-21T14:31:27","slug":"organisation-des-assises-franco-quebecoises","status":"publish","type":"page","link":"https:\/\/dev-durable.agglo-larochelle.fr\/2023\/un-territoire-de-cooperations\/cooperations-decentralisees\/organisation-des-assises-franco-quebecoises\/","title":{"rendered":"Organisation des assises franco-qu\u00e9b\u00e9coises"},"content":{"rendered":"\n<p><strong>La 6<sup>e<\/sup> \u00e9dition des Assises franco-qu\u00e9b\u00e9coises de la coop\u00e9ration d\u00e9centralis\u00e9e s\u2019est tenue fin octobre \u00e0 La Rochelle, sur la th\u00e9matique \u00ab Innover pour des territoires durables\u00a0\u00bb.<\/strong><\/p>\n<p>Ces rencontres ont permis d\u2019\u00e9changer et de faire \u00e9merger de nouveaux projets de coop\u00e9ration, autour du num\u00e9rique, de la mobilit\u00e9 et de l\u2019\u00e9nergie, avec des partages d\u2019exp\u00e9riences concr\u00e8tes, des conf\u00e9rences, des ateliers et des visites d\u2019entreprises\u00a0: Alstom-La Rochelle, P\u00f4le nautisme, etc.<\/p>\n<p>Ces actions de coop\u00e9ration d\u00e9centralis\u00e9e existent depuis pr\u00e8s de 60 ans gr\u00e2ce au Fonds franco-qu\u00e9b\u00e9cois de coop\u00e9ration d\u00e9centralis\u00e9e, d\u00e9di\u00e9 aux projets communs entre collectivit\u00e9s, et les Assises, qui se d\u00e9roulent alternativement de part et d\u2019autre de l\u2019Atlantique, afin de favoriser rencontres et \u00e9changes entre entreprises, collectivit\u00e9s et acteurs de la coop\u00e9ration.<\/p>\n","protected":false},"excerpt":{"rendered":"<p>La 6e \u00e9dition des Assises franco-qu\u00e9b\u00e9coises de la coop\u00e9ration d\u00e9centralis\u00e9e s\u2019est tenue fin octobre \u00e0 La Rochelle, sur la th\u00e9matique \u00ab Innover pour des territoires durables\u00a0\u00bb. Ces rencontres ont permis d\u2019\u00e9changer et de faire \u00e9merger de nouveaux projets de coop\u00e9ration, autour du num\u00e9rique, de la mobilit\u00e9 et de l\u2019\u00e9nergie, avec des partages d\u2019exp\u00e9riences concr\u00e8tes, des [&hellip;]<\/p>\n","protected":false},"author":1,"featured_media":3731,"parent":2845,"menu_order":3,"comment_status":"closed","ping_status":"closed","template":"page-sous-partie.php","meta":{"inline_featured_image":false,"footnotes":""},"categories":[],"tags":[27,33],"acf":[],"_links":{"self":[{"href":"https:\/\/dev-durable.agglo-larochelle.fr\/2023\/wp-json\/wp\/v2\/pages\/3348"}],"collection":[{"href":"https:\/\/dev-durable.agglo-larochelle.fr\/2023\/wp-json\/wp\/v2\/pages"}],"about":[{"href":"https:\/\/dev-durable.agglo-larochelle.fr\/2023\/wp-json\/wp\/v2\/types\/page"}],"author":[{"embeddable":true,"href":"https:\/\/dev-durable.agglo-larochelle.fr\/2023\/wp-json\/wp\/v2\/users\/1"}],"replies":[{"embeddable":true,"href":"https:\/\/dev-durable.agglo-larochelle.fr\/2023\/wp-json\/wp\/v2\/comments?post=3348"}],"version-history":[{"count":2,"href":"https:\/\/dev-durable.agglo-larochelle.fr\/2023\/wp-json\/wp\/v2\/pages\/3348\/revisions"}],"predecessor-version":[{"id":3350,"href":"https:\/\/dev-durable.agglo-larochelle.fr\/2023\/wp-json\/wp\/v2\/pages\/3348\/revisions\/3350"}],"up":[{"embeddable":true,"href":"https:\/\/dev-durable.agglo-larochelle.fr\/2023\/wp-json\/wp\/v2\/pages\/2845"}],"wp:featuredmedia":[{"embeddable":true,"href":"https:\/\/dev-durable.agglo-larochelle.fr\/2023\/wp-json\/wp\/v2\/media\/3731"}],"wp:attachment":[{"href":"https:\/\/dev-durable.agglo-larochelle.fr\/2023\/wp-json\/wp\/v2\/media?parent=3348"}],"wp:term":[{"taxonomy":"category","embeddable":true,"href":"https:\/\/dev-durable.agglo-larochelle.fr\/2023\/wp-json\/wp\/v2\/categories?post=3348"},{"taxonomy":"post_tag","embeddable":true,"href":"https:\/\/dev-durable.agglo-larochelle.fr\/2023\/wp-json\/wp\/v2\/tags?post=3348"}],"curies":[{"name":"wp","href":"https:\/\/api.w.org\/{rel}","templated":true}]}}