{"id":3351,"date":"2023-11-21T15:17:15","date_gmt":"2023-11-21T14:17:15","guid":{"rendered":"https:\/\/dev-durable.agglo-larochelle.fr\/2023\/?page_id=3351"},"modified":"2023-12-15T15:27:24","modified_gmt":"2023-12-15T14:27:24","slug":"poursuite-des-actions-de-cooperation-decentralisee-avec-haiti","status":"publish","type":"page","link":"https:\/\/dev-durable.agglo-larochelle.fr\/2023\/un-territoire-de-cooperations\/cooperations-decentralisees\/poursuite-des-actions-de-cooperation-decentralisee-avec-haiti\/","title":{"rendered":"Poursuite des actions de coop\u00e9ration d\u00e9centralis\u00e9e avec Ha\u00efti"},"content":{"rendered":"\n<p><strong>Dans le cadre de la coop\u00e9ration engag\u00e9e depuis 2007 avec la Ville de Port-au-Prince (Ha\u00efti), le programme d\u2019actions se maintient. L\u2019Agglom\u00e9ration fait appel au savoir-faire de l\u2019association \u00ab La Rochelle Solidarit\u00e9 Internationale \u00bb (LRSI) pour sa mise en \u0153uvre.<\/strong><\/p>\n<p>Les actions de cette coop\u00e9ration visent notamment l\u2019int\u00e9gration sociale et professionnelle des jeunes adultes les plus pr\u00e9caires de la capitale, le soutien mat\u00e9riel et p\u00e9dagogique aux \u00e9coles communales, l\u2019accompagnement psychosocial des enfants, les \u00e9changes interscolaires francophones, les \u00e9changes autour du patrimoine culturel et de la cr\u00e9ation artistique contemporaine d\u2019Ha\u00efti. Cette coop\u00e9ration a \u00e9t\u00e9 confront\u00e9e \u00e0 des crises naturelles et politiques majeures mais elle n\u2019a jamais \u00e9t\u00e9 interrompue.<\/p>\n","protected":false},"excerpt":{"rendered":"<p>Dans le cadre de la coop\u00e9ration engag\u00e9e depuis 2007 avec la Ville de Port-au-Prince (Ha\u00efti), le programme d\u2019actions se maintient. L\u2019Agglom\u00e9ration fait appel au savoir-faire de l\u2019association \u00ab La Rochelle Solidarit\u00e9 Internationale \u00bb (LRSI) pour sa mise en \u0153uvre. Les actions de cette coop\u00e9ration visent notamment l\u2019int\u00e9gration sociale et professionnelle des jeunes adultes les plus [&hellip;]<\/p>\n","protected":false},"author":1,"featured_media":3736,"parent":2845,"menu_order":4,"comment_status":"closed","ping_status":"closed","template":"page-sous-partie.php","meta":{"inline_featured_image":false,"footnotes":""},"categories":[],"tags":[27],"acf":[],"_links":{"self":[{"href":"https:\/\/dev-durable.agglo-larochelle.fr\/2023\/wp-json\/wp\/v2\/pages\/3351"}],"collection":[{"href":"https:\/\/dev-durable.agglo-larochelle.fr\/2023\/wp-json\/wp\/v2\/pages"}],"about":[{"href":"https:\/\/dev-durable.agglo-larochelle.fr\/2023\/wp-json\/wp\/v2\/types\/page"}],"author":[{"embeddable":true,"href":"https:\/\/dev-durable.agglo-larochelle.fr\/2023\/wp-json\/wp\/v2\/users\/1"}],"replies":[{"embeddable":true,"href":"https:\/\/dev-durable.agglo-larochelle.fr\/2023\/wp-json\/wp\/v2\/comments?post=3351"}],"version-history":[{"count":2,"href":"https:\/\/dev-durable.agglo-larochelle.fr\/2023\/wp-json\/wp\/v2\/pages\/3351\/revisions"}],"predecessor-version":[{"id":3353,"href":"https:\/\/dev-durable.agglo-larochelle.fr\/2023\/wp-json\/wp\/v2\/pages\/3351\/revisions\/3353"}],"up":[{"embeddable":true,"href":"https:\/\/dev-durable.agglo-larochelle.fr\/2023\/wp-json\/wp\/v2\/pages\/2845"}],"wp:featuredmedia":[{"embeddable":true,"href":"https:\/\/dev-durable.agglo-larochelle.fr\/2023\/wp-json\/wp\/v2\/media\/3736"}],"wp:attachment":[{"href":"https:\/\/dev-durable.agglo-larochelle.fr\/2023\/wp-json\/wp\/v2\/media?parent=3351"}],"wp:term":[{"taxonomy":"category","embeddable":true,"href":"https:\/\/dev-durable.agglo-larochelle.fr\/2023\/wp-json\/wp\/v2\/categories?post=3351"},{"taxonomy":"post_tag","embeddable":true,"href":"https:\/\/dev-durable.agglo-larochelle.fr\/2023\/wp-json\/wp\/v2\/tags?post=3351"}],"curies":[{"name":"wp","href":"https:\/\/api.w.org\/{rel}","templated":true}]}}