{"id":3354,"date":"2023-11-21T15:19:16","date_gmt":"2023-11-21T14:19:16","guid":{"rendered":"https:\/\/dev-durable.agglo-larochelle.fr\/2023\/?page_id=3354"},"modified":"2023-12-15T15:28:29","modified_gmt":"2023-12-15T14:28:29","slug":"actions-de-cooperation-decentralisee-avec-kananga","status":"publish","type":"page","link":"https:\/\/dev-durable.agglo-larochelle.fr\/2023\/un-territoire-de-cooperations\/cooperations-decentralisees\/actions-de-cooperation-decentralisee-avec-kananga\/","title":{"rendered":"Actions de coop\u00e9ration d\u00e9centralis\u00e9e avec Kananga"},"content":{"rendered":"\n<p><strong>L\u2019am\u00e9lioration r\u00e9cente des conditions de s\u00e9curit\u00e9 et sanitaires a permis la reprise de la coop\u00e9ration, interrompue depuis 2020, avec la ville de Kananga, capitale de la province du Kasa\u00ef en R\u00e9publique D\u00e9mocratique du Congo, et son h\u00f4pital.<\/strong><\/p>\n<p>L\u2019Agglom\u00e9ration m\u00e8ne depuis 2011 des actions de coop\u00e9ration d\u00e9centralis\u00e9e avec la ville de Kananga, pour des missions de formation et de transfert de comp\u00e9tences \u00e0 destination du personnel m\u00e9dical. Depuis 2018, les conditions de s\u00e9curit\u00e9 dans l\u2019ensemble du pays n\u2019avaient pas permis<\/p>\n<p>d\u2019organiser de nouvelles missions. L\u2019am\u00e9lioration des conditions de s\u00e9curit\u00e9 rend d\u00e9sormais possible la reprise de ces missions, confi\u00e9es \u00e0 l\u2019association \u00ab\u00a0La Rochelle Solidarit\u00e9 Internationale\u00a0\u00bb. Une premi\u00e8re mission s\u2019est d\u00e9roul\u00e9e \u00e0 l\u2019automne 2023.<\/p>\n","protected":false},"excerpt":{"rendered":"<p>L\u2019am\u00e9lioration r\u00e9cente des conditions de s\u00e9curit\u00e9 et sanitaires a permis la reprise de la coop\u00e9ration, interrompue depuis 2020, avec la ville de Kananga, capitale de la province du Kasa\u00ef en R\u00e9publique D\u00e9mocratique du Congo, et son h\u00f4pital. L\u2019Agglom\u00e9ration m\u00e8ne depuis 2011 des actions de coop\u00e9ration d\u00e9centralis\u00e9e avec la ville de Kananga, pour des missions de [&hellip;]<\/p>\n","protected":false},"author":1,"featured_media":2039,"parent":2845,"menu_order":5,"comment_status":"closed","ping_status":"closed","template":"page-sous-partie.php","meta":{"inline_featured_image":false,"footnotes":""},"categories":[],"tags":[27],"acf":[],"_links":{"self":[{"href":"https:\/\/dev-durable.agglo-larochelle.fr\/2023\/wp-json\/wp\/v2\/pages\/3354"}],"collection":[{"href":"https:\/\/dev-durable.agglo-larochelle.fr\/2023\/wp-json\/wp\/v2\/pages"}],"about":[{"href":"https:\/\/dev-durable.agglo-larochelle.fr\/2023\/wp-json\/wp\/v2\/types\/page"}],"author":[{"embeddable":true,"href":"https:\/\/dev-durable.agglo-larochelle.fr\/2023\/wp-json\/wp\/v2\/users\/1"}],"replies":[{"embeddable":true,"href":"https:\/\/dev-durable.agglo-larochelle.fr\/2023\/wp-json\/wp\/v2\/comments?post=3354"}],"version-history":[{"count":2,"href":"https:\/\/dev-durable.agglo-larochelle.fr\/2023\/wp-json\/wp\/v2\/pages\/3354\/revisions"}],"predecessor-version":[{"id":3356,"href":"https:\/\/dev-durable.agglo-larochelle.fr\/2023\/wp-json\/wp\/v2\/pages\/3354\/revisions\/3356"}],"up":[{"embeddable":true,"href":"https:\/\/dev-durable.agglo-larochelle.fr\/2023\/wp-json\/wp\/v2\/pages\/2845"}],"wp:featuredmedia":[{"embeddable":true,"href":"https:\/\/dev-durable.agglo-larochelle.fr\/2023\/wp-json\/wp\/v2\/media\/2039"}],"wp:attachment":[{"href":"https:\/\/dev-durable.agglo-larochelle.fr\/2023\/wp-json\/wp\/v2\/media?parent=3354"}],"wp:term":[{"taxonomy":"category","embeddable":true,"href":"https:\/\/dev-durable.agglo-larochelle.fr\/2023\/wp-json\/wp\/v2\/categories?post=3354"},{"taxonomy":"post_tag","embeddable":true,"href":"https:\/\/dev-durable.agglo-larochelle.fr\/2023\/wp-json\/wp\/v2\/tags?post=3354"}],"curies":[{"name":"wp","href":"https:\/\/api.w.org\/{rel}","templated":true}]}}