{"id":3359,"date":"2023-11-21T15:23:18","date_gmt":"2023-11-21T14:23:18","guid":{"rendered":"https:\/\/dev-durable.agglo-larochelle.fr\/2023\/?page_id=3359"},"modified":"2023-11-21T15:25:04","modified_gmt":"2023-11-21T14:25:04","slug":"projet-global-goals-for-cities-cloture-et-resultats","status":"publish","type":"page","link":"https:\/\/dev-durable.agglo-larochelle.fr\/2023\/un-territoire-de-cooperations\/projets-europeens\/projet-global-goals-for-cities-cloture-et-resultats\/","title":{"rendered":"Projet Global Goals for Cities, cl\u00f4ture et r\u00e9sultats"},"content":{"rendered":"\n<p><strong>Le projet \u00ab\u00a0Global Goals for Cities\u00a0\u00bb sur la territorialisation des 17 Objectifs de D\u00e9veloppement Durable (ODD) s\u2019est achev\u00e9, et ses r\u00e9sultats ont \u00e9t\u00e9 pr\u00e9sent\u00e9s aux partenaires europ\u00e9ens.<\/strong><\/p>\n<p>Les r\u00e9sultats du plan d\u2019actions du projet, co-construit par le groupe de travail local, a \u00e9t\u00e9 pr\u00e9sent\u00e9 par une d\u00e9l\u00e9gation rochelaise en janvier 2023 \u00e0 Tallinn, \u00e0 l\u2019occasion de la r\u00e9union de cl\u00f4ture du projet. Un kit d\u2019apprentissage sur la mise en \u0153uvre locale des ODD, qui reprend quelques exemples d\u2019actions men\u00e9es sur le territoire, a \u00e9t\u00e9 produit par l\u2019experte du r\u00e9seau, de m\u00eame qu\u2019une s\u00e9rie d\u2019articles, de podcasts et de vid\u00e9os qui mettent en lumi\u00e8re les diverses approches possibles visant \u00e0 traduire localement les 17 Objectifs de D\u00e9veloppement Durable de l\u2019Agenda 2030.\u00a0<\/p>\n","protected":false},"excerpt":{"rendered":"<p>Le projet \u00ab\u00a0Global Goals for Cities\u00a0\u00bb sur la territorialisation des 17 Objectifs de D\u00e9veloppement Durable (ODD) s\u2019est achev\u00e9, et ses r\u00e9sultats ont \u00e9t\u00e9 pr\u00e9sent\u00e9s aux partenaires europ\u00e9ens. Les r\u00e9sultats du plan d\u2019actions du projet, co-construit par le groupe de travail local, a \u00e9t\u00e9 pr\u00e9sent\u00e9 par une d\u00e9l\u00e9gation rochelaise en janvier 2023 \u00e0 Tallinn, \u00e0 l\u2019occasion [&hellip;]<\/p>\n","protected":false},"author":1,"featured_media":2974,"parent":3357,"menu_order":0,"comment_status":"closed","ping_status":"closed","template":"page-sous-partie.php","meta":{"inline_featured_image":false,"footnotes":""},"categories":[],"tags":[27],"acf":[],"_links":{"self":[{"href":"https:\/\/dev-durable.agglo-larochelle.fr\/2023\/wp-json\/wp\/v2\/pages\/3359"}],"collection":[{"href":"https:\/\/dev-durable.agglo-larochelle.fr\/2023\/wp-json\/wp\/v2\/pages"}],"about":[{"href":"https:\/\/dev-durable.agglo-larochelle.fr\/2023\/wp-json\/wp\/v2\/types\/page"}],"author":[{"embeddable":true,"href":"https:\/\/dev-durable.agglo-larochelle.fr\/2023\/wp-json\/wp\/v2\/users\/1"}],"replies":[{"embeddable":true,"href":"https:\/\/dev-durable.agglo-larochelle.fr\/2023\/wp-json\/wp\/v2\/comments?post=3359"}],"version-history":[{"count":3,"href":"https:\/\/dev-durable.agglo-larochelle.fr\/2023\/wp-json\/wp\/v2\/pages\/3359\/revisions"}],"predecessor-version":[{"id":3362,"href":"https:\/\/dev-durable.agglo-larochelle.fr\/2023\/wp-json\/wp\/v2\/pages\/3359\/revisions\/3362"}],"up":[{"embeddable":true,"href":"https:\/\/dev-durable.agglo-larochelle.fr\/2023\/wp-json\/wp\/v2\/pages\/3357"}],"wp:featuredmedia":[{"embeddable":true,"href":"https:\/\/dev-durable.agglo-larochelle.fr\/2023\/wp-json\/wp\/v2\/media\/2974"}],"wp:attachment":[{"href":"https:\/\/dev-durable.agglo-larochelle.fr\/2023\/wp-json\/wp\/v2\/media?parent=3359"}],"wp:term":[{"taxonomy":"category","embeddable":true,"href":"https:\/\/dev-durable.agglo-larochelle.fr\/2023\/wp-json\/wp\/v2\/categories?post=3359"},{"taxonomy":"post_tag","embeddable":true,"href":"https:\/\/dev-durable.agglo-larochelle.fr\/2023\/wp-json\/wp\/v2\/tags?post=3359"}],"curies":[{"name":"wp","href":"https:\/\/api.w.org\/{rel}","templated":true}]}}