{"id":3367,"date":"2023-11-21T15:28:01","date_gmt":"2023-11-21T14:28:01","guid":{"rendered":"https:\/\/dev-durable.agglo-larochelle.fr\/2023\/?page_id=3367"},"modified":"2023-11-21T15:29:48","modified_gmt":"2023-11-21T14:29:48","slug":"la-strategie-agricole-et-alimentaire-du-territoire-recompensee","status":"publish","type":"page","link":"https:\/\/dev-durable.agglo-larochelle.fr\/2023\/un-territoire-de-cooperations\/transition-agro-ecologique-et-alimentaire\/la-strategie-agricole-et-alimentaire-du-territoire-recompensee\/","title":{"rendered":"La strat\u00e9gie agricole et alimentaire du territoire r\u00e9compens\u00e9e"},"content":{"rendered":"\n<p><strong>Le projet \u00ab\u00a0Terres de transitions\u00a0\u00bb port\u00e9 par l\u2019Agglom\u00e9ration et ses partenaires territoriaux a \u00e9t\u00e9 retenu, suite \u00e0 l\u2019appel \u00e0 manifestation d\u2019int\u00e9r\u00eat \u00ab\u00a0D\u00e9monstrateurs territoriaux des transitions alimentaires\u00a0\u00bb lanc\u00e9 en 2022 par la Banque des Territoires.<\/strong><\/p>\n<p>En 2022, la Banque des Territoires, dans le cadre de son 4<sup>e<\/sup> Programme Investissements d\u2019Avenir (PIA4) avait lanc\u00e9 un appel \u00e0 manifestation d\u2019int\u00e9r\u00eat\u00a0\u00bb (AMI) intitul\u00e9 \u00ab\u00a0D\u00e9monstrateurs territoriaux des transitions alimentaires\u00a0\u00bb, afin d\u2019identifier et d\u2019accompagner des projets territoriaux innovants sur des questions de r\u00e9silience agricole et alimentaire. Le projet \u00ab\u00a0Terres de Transitions\u00a0\u00bb port\u00e9 par l\u2019Agglom\u00e9ration et les\u00a0 Communaut\u00e9s de Communes Aunis-Sud, Aunis-Atlantique et Ile de R\u00e9, ainsi que par le Port de P\u00eache de La Rochelle, la Chambre d\u2019Agriculture de Charente-Maritime et le Groupement d\u2019Agriculture Biologique 17 a \u00e9t\u00e9 retenu dans le cadre de cet AMI et a donn\u00e9 lieu \u00e0 un accord de consortium entre ces partenaires afin de pr\u00e9parer sa mise en \u0153uvre.<\/p>\n","protected":false},"excerpt":{"rendered":"<p>Le projet \u00ab\u00a0Terres de transitions\u00a0\u00bb port\u00e9 par l\u2019Agglom\u00e9ration et ses partenaires territoriaux a \u00e9t\u00e9 retenu, suite \u00e0 l\u2019appel \u00e0 manifestation d\u2019int\u00e9r\u00eat \u00ab\u00a0D\u00e9monstrateurs territoriaux des transitions alimentaires\u00a0\u00bb lanc\u00e9 en 2022 par la Banque des Territoires. En 2022, la Banque des Territoires, dans le cadre de son 4e Programme Investissements d\u2019Avenir (PIA4) avait lanc\u00e9 un appel \u00e0 [&hellip;]<\/p>\n","protected":false},"author":1,"featured_media":3732,"parent":3365,"menu_order":0,"comment_status":"closed","ping_status":"closed","template":"page-sous-partie.php","meta":{"inline_featured_image":false,"footnotes":""},"categories":[],"tags":[28,27],"acf":[],"_links":{"self":[{"href":"https:\/\/dev-durable.agglo-larochelle.fr\/2023\/wp-json\/wp\/v2\/pages\/3367"}],"collection":[{"href":"https:\/\/dev-durable.agglo-larochelle.fr\/2023\/wp-json\/wp\/v2\/pages"}],"about":[{"href":"https:\/\/dev-durable.agglo-larochelle.fr\/2023\/wp-json\/wp\/v2\/types\/page"}],"author":[{"embeddable":true,"href":"https:\/\/dev-durable.agglo-larochelle.fr\/2023\/wp-json\/wp\/v2\/users\/1"}],"replies":[{"embeddable":true,"href":"https:\/\/dev-durable.agglo-larochelle.fr\/2023\/wp-json\/wp\/v2\/comments?post=3367"}],"version-history":[{"count":2,"href":"https:\/\/dev-durable.agglo-larochelle.fr\/2023\/wp-json\/wp\/v2\/pages\/3367\/revisions"}],"predecessor-version":[{"id":3369,"href":"https:\/\/dev-durable.agglo-larochelle.fr\/2023\/wp-json\/wp\/v2\/pages\/3367\/revisions\/3369"}],"up":[{"embeddable":true,"href":"https:\/\/dev-durable.agglo-larochelle.fr\/2023\/wp-json\/wp\/v2\/pages\/3365"}],"wp:featuredmedia":[{"embeddable":true,"href":"https:\/\/dev-durable.agglo-larochelle.fr\/2023\/wp-json\/wp\/v2\/media\/3732"}],"wp:attachment":[{"href":"https:\/\/dev-durable.agglo-larochelle.fr\/2023\/wp-json\/wp\/v2\/media?parent=3367"}],"wp:term":[{"taxonomy":"category","embeddable":true,"href":"https:\/\/dev-durable.agglo-larochelle.fr\/2023\/wp-json\/wp\/v2\/categories?post=3367"},{"taxonomy":"post_tag","embeddable":true,"href":"https:\/\/dev-durable.agglo-larochelle.fr\/2023\/wp-json\/wp\/v2\/tags?post=3367"}],"curies":[{"name":"wp","href":"https:\/\/api.w.org\/{rel}","templated":true}]}}