{"id":68,"date":"2018-10-08T15:32:16","date_gmt":"2018-10-08T13:32:16","guid":{"rendered":"https:\/\/dev-durable.agglo-larochelle.fr\/20236.0.2\/?page_id=68"},"modified":"2023-11-29T09:54:55","modified_gmt":"2023-11-29T08:54:55","slug":"un-territoire-solidaire","status":"publish","type":"page","link":"https:\/\/dev-durable.agglo-larochelle.fr\/2023\/un-territoire-solidaire\/","title":{"rendered":"Un territoire solidaire"},"content":{"rendered":"\n<p><strong>La solidarit\u00e9 est une des cl\u00e9s de la r\u00e9ussite du programme La Rochelle Territoire Z\u00e9ro Carbone. Le soutien \u00e0 une \u00e9conomie sociale et solidaire, par des actions de coop\u00e9ration et par l\u2019acc\u00e8s \u00e0 tous \u00e0 la culture et au num\u00e9rique ont pour objectif d\u2019am\u00e9liorer le bien-\u00eatre des habitants et le vivre-ensemble.<\/strong><\/p>\n","protected":false},"excerpt":{"rendered":"<p>La solidarit\u00e9 est une des cl\u00e9s de la r\u00e9ussite du programme La Rochelle Territoire Z\u00e9ro Carbone. Le soutien \u00e0 une \u00e9conomie sociale et solidaire, par des actions de coop\u00e9ration et par l\u2019acc\u00e8s \u00e0 tous \u00e0 la culture et au num\u00e9rique ont pour objectif d\u2019am\u00e9liorer le bien-\u00eatre des habitants et le vivre-ensemble.<\/p>\n","protected":false},"author":1,"featured_media":3393,"parent":0,"menu_order":4,"comment_status":"closed","ping_status":"closed","template":"page-grande-partie.php","meta":{"inline_featured_image":false,"footnotes":""},"categories":[],"tags":[],"acf":[],"_links":{"self":[{"href":"https:\/\/dev-durable.agglo-larochelle.fr\/2023\/wp-json\/wp\/v2\/pages\/68"}],"collection":[{"href":"https:\/\/dev-durable.agglo-larochelle.fr\/2023\/wp-json\/wp\/v2\/pages"}],"about":[{"href":"https:\/\/dev-durable.agglo-larochelle.fr\/2023\/wp-json\/wp\/v2\/types\/page"}],"author":[{"embeddable":true,"href":"https:\/\/dev-durable.agglo-larochelle.fr\/2023\/wp-json\/wp\/v2\/users\/1"}],"replies":[{"embeddable":true,"href":"https:\/\/dev-durable.agglo-larochelle.fr\/2023\/wp-json\/wp\/v2\/comments?post=68"}],"version-history":[{"count":11,"href":"https:\/\/dev-durable.agglo-larochelle.fr\/2023\/wp-json\/wp\/v2\/pages\/68\/revisions"}],"predecessor-version":[{"id":3396,"href":"https:\/\/dev-durable.agglo-larochelle.fr\/2023\/wp-json\/wp\/v2\/pages\/68\/revisions\/3396"}],"wp:featuredmedia":[{"embeddable":true,"href":"https:\/\/dev-durable.agglo-larochelle.fr\/2023\/wp-json\/wp\/v2\/media\/3393"}],"wp:attachment":[{"href":"https:\/\/dev-durable.agglo-larochelle.fr\/2023\/wp-json\/wp\/v2\/media?parent=68"}],"wp:term":[{"taxonomy":"category","embeddable":true,"href":"https:\/\/dev-durable.agglo-larochelle.fr\/2023\/wp-json\/wp\/v2\/categories?post=68"},{"taxonomy":"post_tag","embeddable":true,"href":"https:\/\/dev-durable.agglo-larochelle.fr\/2023\/wp-json\/wp\/v2\/tags?post=68"}],"curies":[{"name":"wp","href":"https:\/\/api.w.org\/{rel}","templated":true}]}}