{"id":7,"date":"2018-10-05T09:57:01","date_gmt":"2018-10-05T07:57:01","guid":{"rendered":"https:\/\/dev-durable.agglo-larochelle.fr\/20236.0.2\/?page_id=7"},"modified":"2023-12-08T10:23:25","modified_gmt":"2023-12-08T09:23:25","slug":"un-territoire-creative","status":"publish","type":"page","link":"https:\/\/dev-durable.agglo-larochelle.fr\/2023\/un-territoire-creative\/","title":{"rendered":"Un territoire cr\u00e9atif"},"content":{"rendered":"<p><strong>L\u2019Agglom\u00e9ration de La Rochelle fait preuve d\u2019inventivit\u00e9, d\u2019innovation, d\u2019imagination pour proposer des solutions nouvelles en mati\u00e8re d\u2019am\u00e9nagement, d\u2019\u00e9nergie, d\u2019\u00e9conomie, d\u2019\u00e9cologie, de gouvernance\u2026 Elle encourage et soutient toutes les initiatives en faveur de la transition, quand elles sont vectrices de bien-\u00eatre et b\u00e9n\u00e9fiques pour l\u2019environnement et le d\u00e9veloppement.<\/strong><\/p>\n","protected":false},"excerpt":{"rendered":"<p>L\u2019Agglom\u00e9ration de La Rochelle fait preuve d\u2019inventivit\u00e9, d\u2019innovation, d\u2019imagination pour proposer des solutions nouvelles en mati\u00e8re d\u2019am\u00e9nagement, d\u2019\u00e9nergie, d\u2019\u00e9conomie, d\u2019\u00e9cologie, de gouvernance\u2026 Elle encourage et soutient toutes les initiatives en faveur de la transition, quand elles sont vectrices de bien-\u00eatre et b\u00e9n\u00e9fiques pour l\u2019environnement et le d\u00e9veloppement.<\/p>\n","protected":false},"author":1,"featured_media":2447,"parent":0,"menu_order":2,"comment_status":"closed","ping_status":"closed","template":"page-grande-partie.php","meta":{"inline_featured_image":false,"footnotes":""},"categories":[],"tags":[],"acf":[],"_links":{"self":[{"href":"https:\/\/dev-durable.agglo-larochelle.fr\/2023\/wp-json\/wp\/v2\/pages\/7"}],"collection":[{"href":"https:\/\/dev-durable.agglo-larochelle.fr\/2023\/wp-json\/wp\/v2\/pages"}],"about":[{"href":"https:\/\/dev-durable.agglo-larochelle.fr\/2023\/wp-json\/wp\/v2\/types\/page"}],"author":[{"embeddable":true,"href":"https:\/\/dev-durable.agglo-larochelle.fr\/2023\/wp-json\/wp\/v2\/users\/1"}],"replies":[{"embeddable":true,"href":"https:\/\/dev-durable.agglo-larochelle.fr\/2023\/wp-json\/wp\/v2\/comments?post=7"}],"version-history":[{"count":12,"href":"https:\/\/dev-durable.agglo-larochelle.fr\/2023\/wp-json\/wp\/v2\/pages\/7\/revisions"}],"predecessor-version":[{"id":3145,"href":"https:\/\/dev-durable.agglo-larochelle.fr\/2023\/wp-json\/wp\/v2\/pages\/7\/revisions\/3145"}],"wp:featuredmedia":[{"embeddable":true,"href":"https:\/\/dev-durable.agglo-larochelle.fr\/2023\/wp-json\/wp\/v2\/media\/2447"}],"wp:attachment":[{"href":"https:\/\/dev-durable.agglo-larochelle.fr\/2023\/wp-json\/wp\/v2\/media?parent=7"}],"wp:term":[{"taxonomy":"category","embeddable":true,"href":"https:\/\/dev-durable.agglo-larochelle.fr\/2023\/wp-json\/wp\/v2\/categories?post=7"},{"taxonomy":"post_tag","embeddable":true,"href":"https:\/\/dev-durable.agglo-larochelle.fr\/2023\/wp-json\/wp\/v2\/tags?post=7"}],"curies":[{"name":"wp","href":"https:\/\/api.w.org\/{rel}","templated":true}]}}