{"id":70,"date":"2018-10-08T15:32:34","date_gmt":"2018-10-08T13:32:34","guid":{"rendered":"https:\/\/dev-durable.agglo-larochelle.fr\/20236.0.2\/?page_id=70"},"modified":"2023-11-21T09:38:56","modified_gmt":"2023-11-21T08:38:56","slug":"un-territoire-sobre","status":"publish","type":"page","link":"https:\/\/dev-durable.agglo-larochelle.fr\/2023\/un-territoire-sobre\/","title":{"rendered":"Un territoire sobre"},"content":{"rendered":"<p><strong>Changements de pratiques, de mobilit\u00e9s, de consommation, d\u2019usage du num\u00e9rique\u2026 l\u2019Agglom\u00e9ration de La Rochelle accompagne les changements n\u00e9cessaires \u00e0 sa transition. Les communes membres et les habitants sont invit\u00e9s \u00e0 agir pour r\u00e9duire leur empreinte carbone et pour changer leur regard sur la nature, l\u2019environnement, la biodiversit\u00e9.<\/strong><\/p>\n","protected":false},"excerpt":{"rendered":"<p>Changements de pratiques, de mobilit\u00e9s, de consommation, d\u2019usage du num\u00e9rique\u2026 l\u2019Agglom\u00e9ration de La Rochelle accompagne les changements n\u00e9cessaires \u00e0 sa transition. Les communes membres et les habitants sont invit\u00e9s \u00e0 agir pour r\u00e9duire leur empreinte carbone et pour changer leur regard sur la nature, l\u2019environnement, la biodiversit\u00e9.<\/p>\n","protected":false},"author":1,"featured_media":2471,"parent":0,"menu_order":3,"comment_status":"closed","ping_status":"closed","template":"page-grande-partie.php","meta":{"inline_featured_image":false,"footnotes":""},"categories":[],"tags":[],"acf":[],"_links":{"self":[{"href":"https:\/\/dev-durable.agglo-larochelle.fr\/2023\/wp-json\/wp\/v2\/pages\/70"}],"collection":[{"href":"https:\/\/dev-durable.agglo-larochelle.fr\/2023\/wp-json\/wp\/v2\/pages"}],"about":[{"href":"https:\/\/dev-durable.agglo-larochelle.fr\/2023\/wp-json\/wp\/v2\/types\/page"}],"author":[{"embeddable":true,"href":"https:\/\/dev-durable.agglo-larochelle.fr\/2023\/wp-json\/wp\/v2\/users\/1"}],"replies":[{"embeddable":true,"href":"https:\/\/dev-durable.agglo-larochelle.fr\/2023\/wp-json\/wp\/v2\/comments?post=70"}],"version-history":[{"count":9,"href":"https:\/\/dev-durable.agglo-larochelle.fr\/2023\/wp-json\/wp\/v2\/pages\/70\/revisions"}],"predecessor-version":[{"id":3153,"href":"https:\/\/dev-durable.agglo-larochelle.fr\/2023\/wp-json\/wp\/v2\/pages\/70\/revisions\/3153"}],"wp:featuredmedia":[{"embeddable":true,"href":"https:\/\/dev-durable.agglo-larochelle.fr\/2023\/wp-json\/wp\/v2\/media\/2471"}],"wp:attachment":[{"href":"https:\/\/dev-durable.agglo-larochelle.fr\/2023\/wp-json\/wp\/v2\/media?parent=70"}],"wp:term":[{"taxonomy":"category","embeddable":true,"href":"https:\/\/dev-durable.agglo-larochelle.fr\/2023\/wp-json\/wp\/v2\/categories?post=70"},{"taxonomy":"post_tag","embeddable":true,"href":"https:\/\/dev-durable.agglo-larochelle.fr\/2023\/wp-json\/wp\/v2\/tags?post=70"}],"curies":[{"name":"wp","href":"https:\/\/api.w.org\/{rel}","templated":true}]}}